{"id":5252,"date":"2023-04-19T13:53:08","date_gmt":"2023-04-19T13:53:08","guid":{"rendered":"http:\/\/gnera.es\/contact\/"},"modified":"2023-11-07T08:24:43","modified_gmt":"2023-11-07T08:24:43","slug":"contact","status":"publish","type":"page","link":"https:\/\/www.gnera.es\/en\/contact\/","title":{"rendered":"Contact"},"content":{"rendered":"<p>[et_pb_section fb_built=&#8221;1&#8243; custom_padding_last_edited=&#8221;on|phone&#8221; admin_label=&#8221;Intro Section&#8221; _builder_version=&#8221;4.15.1&#8243; use_background_color_gradient=&#8221;on&#8221; background_color_gradient_start=&#8221;#474747&#8243; background_color_gradient_end=&#8221;rgba(255,255,255,0)&#8221; background_color_gradient_direction=&#8221;192deg&#8221; background_image=&#8221;http:\/\/gnera.es\/wp-content\/uploads\/2023\/06\/background-grupo-gnera-1024&#215;502.jpg&#8221; background_position=&#8221;top_right&#8221; background_horizontal_offset=&#8221;35%&#8221; background_vertical_offset=&#8221;58%&#8221; background_blend=&#8221;overlay&#8221; width=&#8221;100%&#8221; custom_padding=&#8221;118px|0px|194px|0px|false|false&#8221; custom_padding_tablet=&#8221;118px|0px|194px|0px|false|false&#8221; custom_padding_phone=&#8221;50px||50px||false|false&#8221; bottom_divider_height=&#8221;57px&#8221; bottom_divider_repeat=&#8221;1x&#8221; bottom_divider_flip=&#8221;vertical&#8221; bottom_divider_height_tablet=&#8221;57px&#8221; bottom_divider_height_phone=&#8221;25px&#8221; bottom_divider_height_last_edited=&#8221;on|phone&#8221; background_last_edited=&#8221;on|phone&#8221; use_background_color_gradient_tablet=&#8221;on&#8221; background_color_gradient_start_tablet=&#8221;#474747&#8243; da_disable_devices=&#8221;off|off|off&#8221; locked=&#8221;off&#8221; global_colors_info=&#8221;{}&#8221; da_is_popup=&#8221;off&#8221; da_exit_intent=&#8221;off&#8221; da_has_close=&#8221;on&#8221; da_alt_close=&#8221;off&#8221; da_dark_close=&#8221;off&#8221; da_not_modal=&#8221;on&#8221; da_is_singular=&#8221;off&#8221; da_with_loader=&#8221;off&#8221; da_has_shadow=&#8221;on&#8221;][et_pb_row admin_label=&#8221;Intro Row&#8221; _builder_version=&#8221;4.15.1&#8243; custom_margin=&#8221;8px|auto||auto||&#8221; locked=&#8221;off&#8221; global_colors_info=&#8221;{}&#8221;][et_pb_column type=&#8221;4_4&#8243; _builder_version=&#8221;4.15&#8243; custom_padding=&#8221;|||&#8221; global_colors_info=&#8221;{}&#8221; custom_padding__hover=&#8221;|||&#8221;][et_pb_text admin_label=&#8221;Title &#038; Paragraph&#8221; _builder_version=&#8221;4.15.1&#8243; text_font=&#8221;||||||||&#8221; text_text_color=&#8221;#FFFFFF&#8221; text_font_size=&#8221;18px&#8221; text_line_height=&#8221;1.8em&#8221; header_font=&#8221;|700|||||||&#8221; header_text_color=&#8221;#FFFFFF&#8221; header_font_size=&#8221;50px&#8221; header_line_height=&#8221;1.3em&#8221; header_2_font=&#8221;|700|||||||&#8221; header_2_text_align=&#8221;center&#8221; header_2_text_color=&#8221;#FFFFFF&#8221; header_2_font_size=&#8221;50px&#8221; header_2_line_height=&#8221;1.4em&#8221; text_orientation=&#8221;center&#8221; max_width_last_edited=&#8221;off|desktop&#8221; module_alignment=&#8221;center&#8221; custom_margin=&#8221;|||&#8221; custom_padding=&#8221;|||&#8221; custom_padding_last_edited=&#8221;off|desktop&#8221; header_font_size_tablet=&#8221;50px&#8221; header_font_size_phone=&#8221;30px&#8221; header_font_size_last_edited=&#8221;on|phone&#8221; header_2_font_size_tablet=&#8221;&#8221; header_2_font_size_phone=&#8221;40px&#8221; header_2_font_size_last_edited=&#8221;on|phone&#8221; global_colors_info=&#8221;{}&#8221;]<\/p>\n<h1>Contact us<\/h1>\n<p>[\/et_pb_text][\/et_pb_column][\/et_pb_row][\/et_pb_section][et_pb_section fb_built=&#8221;1&#8243; specialty=&#8221;on&#8221; admin_label=&#8221;Section&#8221; _builder_version=&#8221;4.15.1&#8243; _module_preset=&#8221;default&#8221; da_disable_devices=&#8221;off|off|off&#8221; global_colors_info=&#8221;{}&#8221; da_is_popup=&#8221;off&#8221; da_exit_intent=&#8221;off&#8221; da_has_close=&#8221;on&#8221; da_alt_close=&#8221;off&#8221; da_dark_close=&#8221;off&#8221; da_not_modal=&#8221;on&#8221; da_is_singular=&#8221;off&#8221; da_with_loader=&#8221;off&#8221; da_has_shadow=&#8221;on&#8221;][et_pb_column type=&#8221;1_2&#8243; specialty_columns=&#8221;2&#8243; _builder_version=&#8221;4.15&#8243; custom_padding=&#8221;|||&#8221; global_colors_info=&#8221;{}&#8221; custom_padding__hover=&#8221;|||&#8221;][et_pb_row_inner _builder_version=&#8221;4.15.1&#8243; _module_preset=&#8221;default&#8221; global_colors_info=&#8221;{}&#8221;][et_pb_column_inner saved_specialty_column_type=&#8221;1_2&#8243; _builder_version=&#8221;4.15.1&#8243; _module_preset=&#8221;default&#8221; global_colors_info=&#8221;{}&#8221;][et_pb_text admin_label=&#8221;Title&#8221; _builder_version=&#8221;4.15.1&#8243; text_font=&#8221;Muli|600|||||||&#8221; text_text_color=&#8221;#737373&#8243; text_font_size=&#8221;18px&#8221; header_font=&#8221;||||||||&#8221; header_2_font=&#8221;|600|||||||&#8221; header_2_text_align=&#8221;left&#8221; header_2_font_size=&#8221;25px&#8221; header_2_line_height=&#8221;1.4em&#8221; max_width_last_edited=&#8221;off|desktop&#8221; custom_margin=&#8221;|||&#8221; custom_padding=&#8221;|||&#8221; custom_padding_last_edited=&#8221;off|desktop&#8221; header_2_font_size_tablet=&#8221;&#8221; header_2_font_size_phone=&#8221;40px&#8221; header_2_font_size_last_edited=&#8221;on|phone&#8221; global_colors_info=&#8221;{}&#8221;]<\/p>\n<h2>Our offices<\/h2>\n<p>[\/et_pb_text][\/et_pb_column_inner][\/et_pb_row_inner][et_pb_row_inner column_structure=&#8221;1_2,1_2&#8243; _builder_version=&#8221;4.15.1&#8243; _module_preset=&#8221;default&#8221; global_colors_info=&#8221;{}&#8221;][et_pb_column_inner type=&#8221;1_2&#8243; saved_specialty_column_type=&#8221;1_2&#8243; _builder_version=&#8221;4.15.1&#8243; _module_preset=&#8221;default&#8221; global_colors_info=&#8221;{}&#8221;][et_pb_text _builder_version=&#8221;4.15.1&#8243; _module_preset=&#8221;default&#8221; global_colors_info=&#8221;{}&#8221;]<\/p>\n<h6><strong>Madrid<\/strong><\/h6>\n<div><strong>56 Serrano Galvache street<\/strong><\/div>\n<div>Abedul Building, 7th Floor<\/div>\n<div>28033 \u2013 Madrid<\/div>\n<div>\n<p><a href=\"mailto:info@gnera.es\">info@gnera.es<\/a><\/p>\n<div><a href=\"tel:+34%20913%20569%20362\">+34 913 569 362<\/a><\/div>\n<\/div>\n<p>[\/et_pb_text][\/et_pb_column_inner][et_pb_column_inner type=&#8221;1_2&#8243; saved_specialty_column_type=&#8221;1_2&#8243; _builder_version=&#8221;4.15.1&#8243; _module_preset=&#8221;default&#8221; global_colors_info=&#8221;{}&#8221;][et_pb_text _builder_version=&#8221;4.15.1&#8243; _module_preset=&#8221;default&#8221; global_colors_info=&#8221;{}&#8221;]<\/p>\n<div><strong>Hours<\/strong><\/div>\n<div data-id=\"m4dwobi\" class=\"elementor-element elementor-element-m4dwobi elementor-widget elementor-widget-text-editor\" data-element_type=\"text-editor.default\">\n<div class=\"elementor-widget-container\">\n<div class=\"elementor-text-editor elementor-clearfix\">\n<div>Monday \u2013 Friday: 8:00 \u2013 18:00<\/div>\n<div>Friday: 8:00 \u2013 15:00<\/div>\n<\/div>\n<\/div>\n<\/div>\n<p>&nbsp;<\/p>\n<div><a href=\"tel:+34%20913%20569%20362\"><\/a><\/div>\n<p>[\/et_pb_text][\/et_pb_column_inner][\/et_pb_row_inner][et_pb_row_inner column_structure=&#8221;1_2,1_2&#8243; _builder_version=&#8221;4.15.1&#8243; _module_preset=&#8221;default&#8221; global_colors_info=&#8221;{}&#8221;][et_pb_column_inner type=&#8221;1_2&#8243; saved_specialty_column_type=&#8221;1_2&#8243; _builder_version=&#8221;4.15.1&#8243; _module_preset=&#8221;default&#8221; global_colors_info=&#8221;{}&#8221;][et_pb_text _builder_version=&#8221;4.15.1&#8243; _module_preset=&#8221;default&#8221; global_colors_info=&#8221;{}&#8221;]<\/p>\n<h6><strong>Bilbao<\/strong><\/h6>\n<div data-id=\"t43fmd2\" class=\"elementor-element elementor-element-t43fmd2 elementor-widget elementor-widget-text-editor\" data-element_type=\"text-editor.default\">\n<div class=\"elementor-widget-container\">\n<div class=\"elementor-text-editor elementor-clearfix\">\n<div><strong>10 Calle Mayor, 4th Floor , 3<\/strong><\/div>\n<div>Getxo \u2013 Bizkaia<\/div>\n<p><a href=\"mailto:info@gnera.es\">info@gnera.es<\/a><\/p>\n<div><a href=\"tel:+34%20946%20085%20013\">+34 946 085 013<\/a><\/div>\n<\/div>\n<\/div>\n<\/div>\n<p>&nbsp;<\/p>\n<div><a href=\"tel:+34%20913%20569%20362\"><\/a><\/div>\n<p>[\/et_pb_text][\/et_pb_column_inner][et_pb_column_inner type=&#8221;1_2&#8243; saved_specialty_column_type=&#8221;1_2&#8243; _builder_version=&#8221;4.15.1&#8243; _module_preset=&#8221;default&#8221; global_colors_info=&#8221;{}&#8221;][et_pb_text _builder_version=&#8221;4.15.1&#8243; _module_preset=&#8221;default&#8221; global_colors_info=&#8221;{}&#8221;]<\/p>\n<h6><strong>Rome<\/strong><\/h6>\n<div data-id=\"t43fmd2\" class=\"elementor-element elementor-element-t43fmd2 elementor-widget elementor-widget-text-editor\" data-element_type=\"text-editor.default\">\n<div class=\"elementor-widget-container\">\n<div class=\"elementor-text-editor elementor-clearfix\">\n<div>\n<section data-id=\"zf5cqxh\" class=\"elementor-element elementor-element-zf5cqxh elementor-container-md-align-right elementor-section-boxed elementor-section-height-default elementor-section-height-default elementor-section elementor-inner-section jet-parallax-section\" data-element_type=\"section\">\n<div class=\"elementor-container elementor-column-gap-default\">\n<div class=\"elementor-row\">\n<div data-id=\"p6r8gby\" class=\"elementor-element elementor-element-p6r8gby elementor-column elementor-col-50 elementor-inner-column\" data-element_type=\"column\">\n<div class=\"elementor-column-wrap elementor-element-populated\">\n<div class=\"elementor-widget-wrap\">\n<div data-id=\"7bux4kf\" class=\"elementor-element elementor-element-7bux4kf elementor-widget elementor-widget-text-editor\" data-element_type=\"text-editor.default\">\n<div class=\"elementor-widget-container\">\n<div class=\"elementor-text-editor elementor-clearfix\">\n<div><strong>Via Leone XIII, 95 <\/strong><\/div>\n<div>00165 Rome<\/div>\n<p><a href=\"mailto:info@inxieme.com\">info@inxieme.com<\/a><\/p>\n<div><a href=\"tel:+39%2006%2039%20870%20227\">+39 06 39 870 227<\/a><\/div>\n<\/div>\n<\/div>\n<\/div>\n<\/div>\n<\/div>\n<\/div>\n<\/div>\n<\/div>\n<\/section>\n<div data-id=\"7e132308\" class=\"elementor-element elementor-element-7e132308 elementor-widget elementor-widget-spacer\" data-element_type=\"spacer.default\">\n<div class=\"elementor-widget-container\">\n<div class=\"elementor-spacer\">\n<div class=\"elementor-spacer-inner\"><\/div>\n<\/div>\n<\/div>\n<\/div>\n<div data-id=\"5f294a3d\" class=\"elementor-element elementor-element-5f294a3d elementor-widget elementor-widget-spacer\" data-element_type=\"spacer.default\">\n<div class=\"elementor-widget-container\">\n<div class=\"elementor-spacer\">\n<div class=\"elementor-spacer-inner\"><\/div>\n<\/div>\n<\/div>\n<\/div>\n<p><a href=\"tel:+34%20946%20085%20013\"><\/a><\/div>\n<\/div>\n<\/div>\n<\/div>\n<p>&nbsp;<\/p>\n<div><a href=\"tel:+34%20913%20569%20362\"><\/a><\/div>\n<p>[\/et_pb_text][\/et_pb_column_inner][\/et_pb_row_inner][\/et_pb_column][et_pb_column type=&#8221;1_2&#8243; _builder_version=&#8221;4.15&#8243; custom_padding=&#8221;|||&#8221; global_colors_info=&#8221;{}&#8221; custom_padding__hover=&#8221;|||&#8221;][dsm_contact_form_7 cf7_library=&#8221;6187&#8243; button_alignment=&#8221;right&#8221; _builder_version=&#8221;4.15.1&#8243; _module_preset=&#8221;default&#8221; radio_checkbox_font_size=&#8221;10px&#8221; radio_checkbox_line_height=&#8221;1em&#8221; custom_button_one=&#8221;on&#8221; button_one_text_size=&#8221;16px&#8221; button_one_text_color=&#8221;#FFFFFF&#8221; button_one_bg_use_color_gradient=&#8221;on&#8221; button_one_bg_color_gradient_start=&#8221;#29bec4&#8243; button_one_bg_color_gradient_direction=&#8221;92deg&#8221; button_one_border_color=&#8221;#FFFFFF&#8221; button_one_border_radius=&#8221;100px&#8221; button_one_font=&#8221;Poppins|700|||||||&#8221; button_one_custom_padding=&#8221;10px|30px|10px|30px|false|false&#8221; global_colors_info=&#8221;{}&#8221;][\/dsm_contact_form_7][et_pb_text _builder_version=&#8221;4.15.1&#8243; _module_preset=&#8221;default&#8221; text_font_size=&#8221;12px&#8221; link_option_url=&#8221;#lopd&#8221; global_colors_info=&#8221;{}&#8221;]<\/p>\n<p style=\"text-align: right;\">Basic data protection information &gt;&gt;<\/p>\n<p>[\/et_pb_text][\/et_pb_column][\/et_pb_section][et_pb_section fb_built=&#8221;1&#8243; admin_label=&#8221;Footer&#8221; module_id=&#8221;lopd&#8221; module_class=&#8221;popup&#8221; _builder_version=&#8221;4.15.1&#8243; _module_preset=&#8221;default&#8221; width=&#8221;35%&#8221; width_tablet=&#8221;35%&#8221; width_phone=&#8221;100%&#8221; width_last_edited=&#8221;on|phone&#8221; module_alignment=&#8221;center&#8221; custom_padding=&#8221;2px||5px|||&#8221; da_is_popup=&#8221;on&#8221; da_popup_slug=&#8221;lopd&#8221; da_disable_devices=&#8221;off|off|off&#8221; global_colors_info=&#8221;{}&#8221; da_exit_intent=&#8221;off&#8221; da_has_close=&#8221;on&#8221; da_alt_close=&#8221;off&#8221; da_dark_close=&#8221;off&#8221; da_not_modal=&#8221;on&#8221; da_is_singular=&#8221;off&#8221; da_with_loader=&#8221;off&#8221; da_has_shadow=&#8221;on&#8221;][et_pb_row _builder_version=&#8221;4.15.1&#8243; _module_preset=&#8221;default&#8221; width=&#8221;90%&#8221; global_colors_info=&#8221;{}&#8221;][et_pb_column type=&#8221;4_4&#8243; _builder_version=&#8221;4.15.1&#8243; _module_preset=&#8221;default&#8221; global_colors_info=&#8221;{}&#8221;][et_pb_text _builder_version=&#8221;4.15.1&#8243; _module_preset=&#8221;default&#8221; hover_enabled=&#8221;0&#8243; global_colors_info=&#8221;{}&#8221; sticky_enabled=&#8221;0&#8243;]<strong>Responsible for the treatment:<\/strong><span> Gnera Energ\u00eda y Tecnolog\u00eda, S.L.<\/span><br \/>\n<strong>Purposes of treatment:<span> <\/span><\/strong><span>Evaluate the participation of the interested party in the selection processes developed to fill vacant or newly created positions in GNERA.<\/span><br \/>\n<strong>Legitimacy of the treatment:<\/strong><span> Consent given by the interested party.<\/span><br \/>\n<strong>Recipients<span> <\/span><\/strong><span>The data will not be disclosed to third parties unless required by law or authorized by the data subject.<\/span><br \/>\n<strong>Rights<span> <\/span><\/strong><span>Access, rectification, suppression, opposition and other rights detailed in the additional information.<\/span><br \/>\n<strong>Additional information: <\/strong><span>Additional and detailed information on Data Protection can be found at <\/span><a href=\"\/en\/terms-of-use-of-forms\/\" target=\"_blank\" rel=\"noopener\" title=\"Terms of use of forms\">Detailed information <\/a><span>and <\/span><a href=\"\/en\/privacy-policy\/\" target=\"_blank\" rel=\"noopener\" title=\"Privacy Policy\">Privacy Policy<\/a>[\/et_pb_text][\/et_pb_column][\/et_pb_row][\/et_pb_section]<\/p>\n","protected":false},"excerpt":{"rendered":"<p>Contact usOur officesMadrid 56 Serrano Galvache street Abedul Building, 7th Floor 28033 \u2013 Madrid info@gnera.es +34 913 569 362 Hours Monday \u2013 Friday: 8:00 \u2013 18:00 Friday: 8:00 \u2013 15:00 &nbsp; Bilbao 10 Calle Mayor, 4th Floor , 3 Getxo \u2013 Bizkaia info@gnera.es +34 946 085 013 &nbsp; Rome Via Leone XIII, 95 00165 Rome [&hellip;]<\/p>\n","protected":false},"author":3,"featured_media":0,"parent":0,"menu_order":0,"comment_status":"closed","ping_status":"closed","template":"","meta":{"_et_pb_use_builder":"on","_et_pb_old_content":"","_et_gb_content_width":"","footnotes":""},"yoast_head":"<!-- This site is optimized with the Yoast SEO plugin v22.5 - https:\/\/yoast.com\/wordpress\/plugins\/seo\/ -->\r\n<title>Contact us | GNERA Energy<\/title>\r\n<meta name=\"description\" content=\"Would you like us to advise you? Call us at 913 569 362 or contact us through our contact form.\" \/>\r\n<meta name=\"robots\" content=\"index, follow, max-snippet:-1, max-image-preview:large, max-video-preview:-1\" \/>\r\n<link rel=\"canonical\" href=\"https:\/\/www.gnera.es\/en\/contact\/\" \/>\r\n<meta property=\"og:locale\" content=\"en_US\" \/>\r\n<meta property=\"og:type\" content=\"article\" \/>\r\n<meta property=\"og:title\" content=\"Contact us | GNERA Energy\" \/>\r\n<meta property=\"og:description\" content=\"Would you like us to advise you? Call us at 913 569 362 or contact us through our contact form.\" \/>\r\n<meta property=\"og:url\" content=\"https:\/\/www.gnera.es\/en\/contact\/\" \/>\r\n<meta property=\"og:site_name\" content=\"Gnera Energ\u00eda y Tecnolog\u00eda\" \/>\r\n<meta property=\"article:modified_time\" content=\"2023-11-07T08:24:43+00:00\" \/>\r\n<meta name=\"twitter:card\" content=\"summary_large_image\" \/>\r\n<meta name=\"twitter:label1\" content=\"Est. reading time\" \/>\n\t<meta name=\"twitter:data1\" content=\"6 minutes\" \/>\r\n<script type=\"application\/ld+json\" class=\"yoast-schema-graph\">{\"@context\":\"https:\/\/schema.org\",\"@graph\":[{\"@type\":\"WebPage\",\"@id\":\"https:\/\/www.gnera.es\/en\/contact\/\",\"url\":\"https:\/\/www.gnera.es\/en\/contact\/\",\"name\":\"Contact us | GNERA Energy\",\"isPartOf\":{\"@id\":\"https:\/\/www.gnera.es\/en\/#website\"},\"datePublished\":\"2023-04-19T13:53:08+00:00\",\"dateModified\":\"2023-11-07T08:24:43+00:00\",\"description\":\"Would you like us to advise you? Call us at 913 569 362 or contact us through our contact form.\",\"breadcrumb\":{\"@id\":\"https:\/\/www.gnera.es\/en\/contact\/#breadcrumb\"},\"inLanguage\":\"en-US\",\"potentialAction\":[{\"@type\":\"ReadAction\",\"target\":[\"https:\/\/www.gnera.es\/en\/contact\/\"]}]},{\"@type\":\"BreadcrumbList\",\"@id\":\"https:\/\/www.gnera.es\/en\/contact\/#breadcrumb\",\"itemListElement\":[{\"@type\":\"ListItem\",\"position\":1,\"name\":\"Portada\",\"item\":\"https:\/\/www.gnera.es\/en\/\"},{\"@type\":\"ListItem\",\"position\":2,\"name\":\"Contact\"}]},{\"@type\":\"WebSite\",\"@id\":\"https:\/\/www.gnera.es\/en\/#website\",\"url\":\"https:\/\/www.gnera.es\/en\/\",\"name\":\"Gnera Energ\u00eda y Tecnolog\u00eda\",\"description\":\"Representaci\u00f3n de productores de energ\u00eda renovable en el Mercado El\u00e9ctrico\",\"potentialAction\":[{\"@type\":\"SearchAction\",\"target\":{\"@type\":\"EntryPoint\",\"urlTemplate\":\"https:\/\/www.gnera.es\/en\/?s={search_term_string}\"},\"query-input\":\"required name=search_term_string\"}],\"inLanguage\":\"en-US\"}]}<\/script>\r\n<!-- \/ Yoast SEO plugin. -->","yoast_head_json":{"title":"Contact us | GNERA Energy","description":"Would you like us to advise you? Call us at 913 569 362 or contact us through our contact form.","robots":{"index":"index","follow":"follow","max-snippet":"max-snippet:-1","max-image-preview":"max-image-preview:large","max-video-preview":"max-video-preview:-1"},"canonical":"https:\/\/www.gnera.es\/en\/contact\/","og_locale":"en_US","og_type":"article","og_title":"Contact us | GNERA Energy","og_description":"Would you like us to advise you? Call us at 913 569 362 or contact us through our contact form.","og_url":"https:\/\/www.gnera.es\/en\/contact\/","og_site_name":"Gnera Energ\u00eda y Tecnolog\u00eda","article_modified_time":"2023-11-07T08:24:43+00:00","twitter_card":"summary_large_image","twitter_misc":{"Est. reading time":"6 minutes"},"schema":{"@context":"https:\/\/schema.org","@graph":[{"@type":"WebPage","@id":"https:\/\/www.gnera.es\/en\/contact\/","url":"https:\/\/www.gnera.es\/en\/contact\/","name":"Contact us | GNERA Energy","isPartOf":{"@id":"https:\/\/www.gnera.es\/en\/#website"},"datePublished":"2023-04-19T13:53:08+00:00","dateModified":"2023-11-07T08:24:43+00:00","description":"Would you like us to advise you? Call us at 913 569 362 or contact us through our contact form.","breadcrumb":{"@id":"https:\/\/www.gnera.es\/en\/contact\/#breadcrumb"},"inLanguage":"en-US","potentialAction":[{"@type":"ReadAction","target":["https:\/\/www.gnera.es\/en\/contact\/"]}]},{"@type":"BreadcrumbList","@id":"https:\/\/www.gnera.es\/en\/contact\/#breadcrumb","itemListElement":[{"@type":"ListItem","position":1,"name":"Portada","item":"https:\/\/www.gnera.es\/en\/"},{"@type":"ListItem","position":2,"name":"Contact"}]},{"@type":"WebSite","@id":"https:\/\/www.gnera.es\/en\/#website","url":"https:\/\/www.gnera.es\/en\/","name":"Gnera Energ\u00eda y Tecnolog\u00eda","description":"Representaci\u00f3n de productores de energ\u00eda renovable en el Mercado El\u00e9ctrico","potentialAction":[{"@type":"SearchAction","target":{"@type":"EntryPoint","urlTemplate":"https:\/\/www.gnera.es\/en\/?s={search_term_string}"},"query-input":"required name=search_term_string"}],"inLanguage":"en-US"}]}},"_links":{"self":[{"href":"https:\/\/www.gnera.es\/en\/wp-json\/wp\/v2\/pages\/5252"}],"collection":[{"href":"https:\/\/www.gnera.es\/en\/wp-json\/wp\/v2\/pages"}],"about":[{"href":"https:\/\/www.gnera.es\/en\/wp-json\/wp\/v2\/types\/page"}],"author":[{"embeddable":true,"href":"https:\/\/www.gnera.es\/en\/wp-json\/wp\/v2\/users\/3"}],"replies":[{"embeddable":true,"href":"https:\/\/www.gnera.es\/en\/wp-json\/wp\/v2\/comments?post=5252"}],"version-history":[{"count":3,"href":"https:\/\/www.gnera.es\/en\/wp-json\/wp\/v2\/pages\/5252\/revisions"}],"predecessor-version":[{"id":6258,"href":"https:\/\/www.gnera.es\/en\/wp-json\/wp\/v2\/pages\/5252\/revisions\/6258"}],"wp:attachment":[{"href":"https:\/\/www.gnera.es\/en\/wp-json\/wp\/v2\/media?parent=5252"}],"curies":[{"name":"wp","href":"https:\/\/api.w.org\/{rel}","templated":true}]}}